{"id":1074,"date":"2024-07-26T07:37:59","date_gmt":"2024-07-26T10:37:59","guid":{"rendered":"https:\/\/aprendiendo.coopgeneos.com\/?page_id=1074"},"modified":"2024-08-14T10:10:37","modified_gmt":"2024-08-14T13:10:37","slug":"portal-noticias","status":"publish","type":"page","link":"https:\/\/aprendiendo.coopgeneos.com\/index.php\/portal-noticias\/","title":{"rendered":"Noticias"},"content":{"rendered":"\t\t<div data-elementor-type=\"wp-page\" data-elementor-id=\"1074\" class=\"elementor elementor-1074\">\n\t\t\t\t\t\t<section class=\"elementor-section elementor-top-section elementor-element elementor-element-55e0dcf elementor-section-height-min-height elementor-section-items-stretch elementor-section-content-middle elementor-section-boxed elementor-section-height-default\" data-id=\"55e0dcf\" data-element_type=\"section\" data-e-type=\"section\" data-settings=\"{&quot;background_background&quot;:&quot;classic&quot;}\">\n\t\t\t\t\t\t\t<div class=\"elementor-background-overlay\"><\/div>\n\t\t\t\t\t\t\t<div class=\"elementor-container elementor-column-gap-default\">\n\t\t\t\t\t<div class=\"elementor-column elementor-col-100 elementor-top-column elementor-element elementor-element-2df2d5e\" data-id=\"2df2d5e\" data-element_type=\"column\" data-e-type=\"column\">\n\t\t\t<div class=\"elementor-widget-wrap elementor-element-populated\">\n\t\t\t\t\t\t<div class=\"elementor-element elementor-element-2f0854a elementor-widget elementor-widget-heading\" data-id=\"2f0854a\" data-element_type=\"widget\" data-e-type=\"widget\" data-widget_type=\"heading.default\">\n\t\t\t\t<div class=\"elementor-widget-container\">\n\t\t\t\t\t<h2 class=\"elementor-heading-title elementor-size-default\">NOTICIAS<\/h2>\t\t\t\t<\/div>\n\t\t\t\t<\/div>\n\t\t\t\t<div class=\"elementor-element elementor-element-7daa3ce9 animated-fast elementor-invisible elementor-widget elementor-widget-text-editor\" data-id=\"7daa3ce9\" data-element_type=\"widget\" data-e-type=\"widget\" data-settings=\"{&quot;_animation&quot;:&quot;fadeInUp&quot;,&quot;_animation_delay&quot;:50}\" data-widget_type=\"text-editor.default\">\n\t\t\t\t<div class=\"elementor-widget-container\">\n\t\t\t\t\t\t\t\t\t<p>Bienvenido a nuestro portal de notas donde comunicaremos cada avance y gira.<\/p>\t\t\t\t\t\t\t\t<\/div>\n\t\t\t\t<\/div>\n\t\t\t\t\t<\/div>\n\t\t<\/div>\n\t\t\t\t\t<\/div>\n\t\t<\/section>\n\t\t<div class=\"elementor-element elementor-element-d939f85 e-flex e-con-boxed e-con e-parent\" data-id=\"d939f85\" data-element_type=\"container\" data-e-type=\"container\">\n\t\t\t\t\t<div class=\"e-con-inner\">\n\t\t\t\t<div class=\"elementor-element elementor-element-590f913 elementor-widget elementor-widget-elementskit-blog-posts\" data-id=\"590f913\" data-element_type=\"widget\" data-e-type=\"widget\" data-widget_type=\"elementskit-blog-posts.default\">\n\t\t\t\t<div class=\"elementor-widget-container\">\n\t\t\t\t\t<div class=\"ekit-wid-con\" >        <div id=\"post-items--590f913\" class=\"row post-items\">\n                    <div class=\"col-md-12\">\n\n                                    <div class=\"elementskit-blog-block-post\">\n                        <div class=\"row no-gutters\">\n                                                            <div class=\"col-md-6 order-1\">\n                                    <a href=\"https:\/\/aprendiendo.coopgeneos.com\/index.php\/2024\/08\/14\/visita-al-papa-francisco\/\" class=\"elementskit-entry-thumb\">\n                                        <img decoding=\"async\" src=\"https:\/\/aprendiendo.coopgeneos.com\/wp-content\/uploads\/2013\/04\/IMG_0048_JPG.webp\" alt=\"Visita al Papa Francisco\">\n                                    <\/a><!-- .elementskit-entry-thumb END -->\n                                <\/div>\n                            \n                            <div class=\"col-md-6 order-2\">\n                                <div class=\"elementskit-post-body \">\n                                    <div class=\"elementskit-entry-header\">\n                                        \n                                                                                            \t\t\t\t\t                                            \n                                            \n                                                                                            \t\t\t\t<h2 class=\"entry-title\">\n\t\t\t\t\t<a href=\"https:\/\/aprendiendo.coopgeneos.com\/index.php\/2024\/08\/14\/visita-al-papa-francisco\/\">\n\t\t\t\t\t\tVisita al Papa Francisco\t\t\t\t\t<\/a>\n\t\t\t\t<\/h2>\n\t\t\t                                                                                <\/div><!-- .elementskit-entry-header END -->\n\n                                                                            <div class=\"elementskit-post-footer\">\n                                                                                            <p>Visita al Papa Francisco 6 de ABRIL de 2013 3 Recientes Visita al Papa Francisco Visita al Papa Francisco \u2022 14 agosto, 2024 Visita al Papa Francisco 6 de ABRIL de 2013 3 Recientes Visita al Papa Francisco Visita al Papa Francisco \u2022 \u2026 Pinamar conmemor\u00f3 la Gesta de Malvinas Pinamar conmemor\u00f3 la Gesta de [&hellip;]<\/p>\n                                                                                                                                <\/div><!-- .elementskit-post-footer END -->\n                                                                    <\/div><!-- .elementskit-post-body END -->\n                            <\/div>\n                        <\/div>\n                    <\/div><!-- .elementskit-blog-block-post .radius .gradient-bg END -->\n                \n            <\/div>\n                    <div class=\"col-md-12\">\n\n                                    <div class=\"elementskit-blog-block-post\">\n                        <div class=\"row no-gutters\">\n                                                            <div class=\"col-md-6 order-1\">\n                                    <a href=\"https:\/\/aprendiendo.coopgeneos.com\/index.php\/2024\/07\/26\/pinamar-conmemoro-la-gesta-de-malvinas\/\" class=\"elementskit-entry-thumb\">\n                                        <img decoding=\"async\" src=\"https:\/\/aprendiendo.coopgeneos.com\/wp-content\/uploads\/2024\/07\/2420242147411-1024x768.jpg\" alt=\"Pinamar conmemor\u00f3 la Gesta de Malvinas\">\n                                    <\/a><!-- .elementskit-entry-thumb END -->\n                                <\/div>\n                            \n                            <div class=\"col-md-6 order-2\">\n                                <div class=\"elementskit-post-body \">\n                                    <div class=\"elementskit-entry-header\">\n                                        \n                                                                                            \t\t\t\t\t                                            \n                                            \n                                                                                            \t\t\t\t<h2 class=\"entry-title\">\n\t\t\t\t\t<a href=\"https:\/\/aprendiendo.coopgeneos.com\/index.php\/2024\/07\/26\/pinamar-conmemoro-la-gesta-de-malvinas\/\">\n\t\t\t\t\t\tPinamar conmemor\u00f3 la Gesta de Malvinas\t\t\t\t\t<\/a>\n\t\t\t\t<\/h2>\n\t\t\t                                                                                <\/div><!-- .elementskit-entry-header END -->\n\n                                                                            <div class=\"elementskit-post-footer\">\n                                                                                            <p>Pinamar conmemor\u00f3 la Gesta de Malvinas 02 DE ABRIL DE 2024 3 Recientes Pinamar conmemor\u00f3 la Gesta de Malvinas Pinamar conmemor\u00f3 la Gesta de Malvinas \u2022 26 julio, 2024 Ocho vecinos de Pinamar crearon una fundaci\u00f3n que don\u00f3 internet a 145 escuelas NOTA DE INFOBAE 19 DE MAYO DE \u2026 Ocho vecinos de Pinamar crearon [&hellip;]<\/p>\n                                                                                                                                <\/div><!-- .elementskit-post-footer END -->\n                                                                    <\/div><!-- .elementskit-post-body END -->\n                            <\/div>\n                        <\/div>\n                    <\/div><!-- .elementskit-blog-block-post .radius .gradient-bg END -->\n                \n            <\/div>\n                    <div class=\"col-md-12\">\n\n                                    <div class=\"elementskit-blog-block-post\">\n                        <div class=\"row no-gutters\">\n                                                            <div class=\"col-md-6 order-1\">\n                                    <a href=\"https:\/\/aprendiendo.coopgeneos.com\/index.php\/2024\/07\/26\/ocho-vecinos-de-pinamar-crearon-una-fundacion-que-dono-internet-a-145-escuelas-rurales-de-todo-el-pais\/\" class=\"elementskit-entry-thumb\">\n                                        <img decoding=\"async\" src=\"https:\/\/aprendiendo.coopgeneos.com\/wp-content\/uploads\/2024\/07\/f73148_8b0bc6c16db849a1b999897ccca0f5bamv2-1024x500.webp\" alt=\"Ocho vecinos de Pinamar crearon una fundaci\u00f3n que don\u00f3 internet a 145 escuelas rurales de todo el pa\u00eds\">\n                                    <\/a><!-- .elementskit-entry-thumb END -->\n                                <\/div>\n                            \n                            <div class=\"col-md-6 order-2\">\n                                <div class=\"elementskit-post-body \">\n                                    <div class=\"elementskit-entry-header\">\n                                        \n                                                                                            \t\t\t\t\t                                            \n                                            \n                                                                                            \t\t\t\t<h2 class=\"entry-title\">\n\t\t\t\t\t<a href=\"https:\/\/aprendiendo.coopgeneos.com\/index.php\/2024\/07\/26\/ocho-vecinos-de-pinamar-crearon-una-fundacion-que-dono-internet-a-145-escuelas-rurales-de-todo-el-pais\/\">\n\t\t\t\t\t\tOcho vecinos de Pinamar crearon una fundaci\u00f3n que don\u00f3 internet a 145 escuelas rurales de todo el pa\u00eds\t\t\t\t\t<\/a>\n\t\t\t\t<\/h2>\n\t\t\t                                                                                <\/div><!-- .elementskit-entry-header END -->\n\n                                                                            <div class=\"elementskit-post-footer\">\n                                                                                            <p>Ocho vecinos de Pinamar crearon una fundaci\u00f3n que don\u00f3 internet a 145 escuelas NOTA DE INFOBAE 19 DE MAYO DE 2024 News 3 Recientes Pinamar conmemor\u00f3 la Gesta de Malvinas Pinamar conmemor\u00f3 la Gesta de Malvinas \u2022 26 julio, 2024 Pinamar conmemor\u00f3 la Gesta de Malvinas 02 DE ABRIL DE 2024 3 Recientes Pinamar conmemor\u00f3 [&hellip;]<\/p>\n                                                                                                                                <\/div><!-- .elementskit-post-footer END -->\n                                                                    <\/div><!-- .elementskit-post-body END -->\n                            <\/div>\n                        <\/div>\n                    <\/div><!-- .elementskit-blog-block-post .radius .gradient-bg END -->\n                \n            <\/div>\n                    <div class=\"col-md-12\">\n\n                                    <div class=\"elementskit-blog-block-post\">\n                        <div class=\"row no-gutters\">\n                                                            <div class=\"col-md-6 order-1\">\n                                    <a href=\"https:\/\/aprendiendo.coopgeneos.com\/index.php\/2024\/07\/26\/la-causa-noble-de-nissan-en-el-norte-argentino\/\" class=\"elementskit-entry-thumb\">\n                                        <img decoding=\"async\" src=\"https:\/\/aprendiendo.coopgeneos.com\/wp-content\/uploads\/2024\/07\/gira-nissan-por-la-educacion-1804031.jpg\" alt=\"La causa noble de Nissan en el norte argentino\">\n                                    <\/a><!-- .elementskit-entry-thumb END -->\n                                <\/div>\n                            \n                            <div class=\"col-md-6 order-2\">\n                                <div class=\"elementskit-post-body \">\n                                    <div class=\"elementskit-entry-header\">\n                                        \n                                                                                            \t\t\t\t\t                                            \n                                            \n                                                                                            \t\t\t\t<h2 class=\"entry-title\">\n\t\t\t\t\t<a href=\"https:\/\/aprendiendo.coopgeneos.com\/index.php\/2024\/07\/26\/la-causa-noble-de-nissan-en-el-norte-argentino\/\">\n\t\t\t\t\t\tLa causa noble de Nissan en el norte argentino\t\t\t\t\t<\/a>\n\t\t\t\t<\/h2>\n\t\t\t                                                                                <\/div><!-- .elementskit-entry-header END -->\n\n                                                                            <div class=\"elementskit-post-footer\">\n                                                                                            <p>La causa noble de Nissan en el norte argentino 19 DE MAYO DE 2024 News 3 Recientes La causa noble de Nissan en el norte argentino \u2022 26 julio, 2024 La causa noble de Nissan en el norte argentino 19 DE MAYO DE 2024 News 3 Recientes La causa noble \u2026 \u00a1Hola mundo! \u2022 16 [&hellip;]<\/p>\n                                                                                                                                <\/div><!-- .elementskit-post-footer END -->\n                                                                    <\/div><!-- .elementskit-post-body END -->\n                            <\/div>\n                        <\/div>\n                    <\/div><!-- .elementskit-blog-block-post .radius .gradient-bg END -->\n                \n            <\/div>\n                <\/div>\n       <\/div>\t\t\t\t<\/div>\n\t\t\t\t<\/div>\n\t\t\t\t\t<\/div>\n\t\t\t\t<\/div>\n\t\t\t\t<\/div>\n\t\t","protected":false},"excerpt":{"rendered":"<p>NOTICIAS Bienvenido a nuestro portal de notas donde comunicaremos cada avance y gira. Pinamar conmemor\u00f3 la Gesta de Malvinas Pinamar conmemor\u00f3 la Gesta de Malvinas 02 DE ABRIL DE 2024 3 Recientes Pinamar conmemor\u00f3 la Gesta de Malvinas Pinamar conmemor\u00f3 la Gesta de Malvinas \u2022 26 julio, 2024 Ocho vecinos de Pinamar crearon una fundaci\u00f3n [&hellip;]<\/p>\n","protected":false},"author":1,"featured_media":0,"parent":0,"menu_order":0,"comment_status":"closed","ping_status":"closed","template":"","meta":{"footnotes":""},"class_list":["post-1074","page","type-page","status-publish","hentry"],"_links":{"self":[{"href":"https:\/\/aprendiendo.coopgeneos.com\/index.php\/wp-json\/wp\/v2\/pages\/1074","targetHints":{"allow":["GET"]}}],"collection":[{"href":"https:\/\/aprendiendo.coopgeneos.com\/index.php\/wp-json\/wp\/v2\/pages"}],"about":[{"href":"https:\/\/aprendiendo.coopgeneos.com\/index.php\/wp-json\/wp\/v2\/types\/page"}],"author":[{"embeddable":true,"href":"https:\/\/aprendiendo.coopgeneos.com\/index.php\/wp-json\/wp\/v2\/users\/1"}],"replies":[{"embeddable":true,"href":"https:\/\/aprendiendo.coopgeneos.com\/index.php\/wp-json\/wp\/v2\/comments?post=1074"}],"version-history":[{"count":48,"href":"https:\/\/aprendiendo.coopgeneos.com\/index.php\/wp-json\/wp\/v2\/pages\/1074\/revisions"}],"predecessor-version":[{"id":1511,"href":"https:\/\/aprendiendo.coopgeneos.com\/index.php\/wp-json\/wp\/v2\/pages\/1074\/revisions\/1511"}],"wp:attachment":[{"href":"https:\/\/aprendiendo.coopgeneos.com\/index.php\/wp-json\/wp\/v2\/media?parent=1074"}],"curies":[{"name":"wp","href":"https:\/\/api.w.org\/{rel}","templated":true}]}}